{"id":518,"date":"2021-10-06T15:45:40","date_gmt":"2021-10-06T13:45:40","guid":{"rendered":"https:\/\/platformspaanstest.wordpress.com\/?page_id=518"},"modified":"2024-11-13T15:22:08","modified_gmt":"2024-11-13T15:22:08","slug":"feiten-en-cijfers","status":"publish","type":"page","link":"https:\/\/platformspaans.nl\/?page_id=518","title":{"rendered":"Feiten en cijfers"},"content":{"rendered":"<style>.wp-block-kadence-advancedheading.kt-adv-heading518_e2c339-e6, .wp-block-kadence-advancedheading.kt-adv-heading518_e2c339-e6[data-kb-block=\"kb-adv-heading518_e2c339-e6\"]{font-style:normal;}.wp-block-kadence-advancedheading.kt-adv-heading518_e2c339-e6 mark.kt-highlight, .wp-block-kadence-advancedheading.kt-adv-heading518_e2c339-e6[data-kb-block=\"kb-adv-heading518_e2c339-e6\"] mark.kt-highlight{font-style:normal;color:#f76a0c;-webkit-box-decoration-break:clone;box-decoration-break:clone;padding-top:0px;padding-right:0px;padding-bottom:0px;padding-left:0px;}.wp-block-kadence-advancedheading.kt-adv-heading518_e2c339-e6 img.kb-inline-image, .wp-block-kadence-advancedheading.kt-adv-heading518_e2c339-e6[data-kb-block=\"kb-adv-heading518_e2c339-e6\"] img.kb-inline-image{width:150px;vertical-align:baseline;}<\/style>\n<p class=\"kt-adv-heading518_e2c339-e6 wp-block-kadence-advancedheading\" data-kb-block=\"kb-adv-heading518_e2c339-e6\"><strong>Op deze pagina vind je een selectie van noemenswaardige feiten en cijfers over de Spaanse taal en de Spaanse en Spaans-Amerikaanse wereld, die gepubliceerd zijn in het jaarverslag \u201cEl espa\u00f1ol en el mundo 2023<\/strong>&#8221; <strong>van het Instituto Cervantes.  <\/strong><\/p>\n\n\n<style>.wp-block-kadence-advancedheading.kt-adv-heading518_141800-98, .wp-block-kadence-advancedheading.kt-adv-heading518_141800-98[data-kb-block=\"kb-adv-heading518_141800-98\"]{font-style:normal;}.wp-block-kadence-advancedheading.kt-adv-heading518_141800-98 mark.kt-highlight, .wp-block-kadence-advancedheading.kt-adv-heading518_141800-98[data-kb-block=\"kb-adv-heading518_141800-98\"] mark.kt-highlight{font-style:normal;color:#f76a0c;-webkit-box-decoration-break:clone;box-decoration-break:clone;padding-top:0px;padding-right:0px;padding-bottom:0px;padding-left:0px;}.wp-block-kadence-advancedheading.kt-adv-heading518_141800-98 img.kb-inline-image, .wp-block-kadence-advancedheading.kt-adv-heading518_141800-98[data-kb-block=\"kb-adv-heading518_141800-98\"] img.kb-inline-image{width:150px;vertical-align:baseline;}<\/style>\n<p class=\"kt-adv-heading518_141800-98 wp-block-kadence-advancedheading\" data-kb-block=\"kb-adv-heading518_141800-98\">Algemene statistieken: <\/p>\n\n\n\n<ul class=\"wp-block-list\">\n<li>Bijna 500 miljoen mensen hebben Spaans als moedertaal, zo&#8217;n 6,2% van de wereldbevolking. Het is de tweede grootste moedertaal ter wereld qua aantal sprekers na Mandarijn (Chinees). <\/li>\n\n\n\n<li>Er zijn bijna 600 miljoen potenti\u00eble gebruikers van het Spaans, wat overeenkomt met 7,5% van de wereldbevolking. <\/li>\n\n\n\n<li>In 2060 zal de Verenigde Staten na Mexico het land met de meeste Spaanse sprekers ter wereld zijn. 27,5% van de Amerikaanse bevolking zal dan van Spaanstalige afkomst zijn. <\/li>\n\n\n\n<li>Meer dan 23 miljoen studenten studeren Spaans als vreemde taal.<\/li>\n\n\n\n<li>De wereldwijde Spaanstalige gemeenschap heeft een gecombineerde koopkracht van ongeveer 9% van het BBP van de wereld. <\/li>\n<\/ul>\n\n\n<style>.wp-block-kadence-advancedheading.kt-adv-heading518_438a08-15, .wp-block-kadence-advancedheading.kt-adv-heading518_438a08-15[data-kb-block=\"kb-adv-heading518_438a08-15\"]{font-style:normal;}.wp-block-kadence-advancedheading.kt-adv-heading518_438a08-15 mark.kt-highlight, .wp-block-kadence-advancedheading.kt-adv-heading518_438a08-15[data-kb-block=\"kb-adv-heading518_438a08-15\"] mark.kt-highlight{font-style:normal;color:#f76a0c;-webkit-box-decoration-break:clone;box-decoration-break:clone;padding-top:0px;padding-right:0px;padding-bottom:0px;padding-left:0px;}.wp-block-kadence-advancedheading.kt-adv-heading518_438a08-15 img.kb-inline-image, .wp-block-kadence-advancedheading.kt-adv-heading518_438a08-15[data-kb-block=\"kb-adv-heading518_438a08-15\"] img.kb-inline-image{width:150px;vertical-align:baseline;}<\/style>\n<p class=\"kt-adv-heading518_438a08-15 wp-block-kadence-advancedheading\" data-kb-block=\"kb-adv-heading518_438a08-15\">De studie van het Spaans:<\/p>\n\n\n\n<ul class=\"wp-block-list\">\n<li>Het Spaans concurreert met Frans en Mandarijn-Chinees voor de tweede plaats in de classificatie van de meest bestudeerde talen als tweede taal. <\/li>\n\n\n\n<li>In de Verenigde Staten is het Spaans verreweg de meest bestudeerde taal op alle onderwijsniveaus. <\/li>\n\n\n\n<li>Het Spaans is de tweede meest gestudeerde taal &#8211; na het Engels &#8211; in het hoger secundair onderwijs in de EU. <\/li>\n\n\n\n<li>76 miljoen Europeanen zijn in staat zich voldoende uit te drukken  in het Spaans. <\/li>\n\n\n\n<li>Frankrijk, Itali\u00eb en Duitsland zijn de Europese landen met het grootste aantal Spaanse studenten. <\/li>\n\n\n\n<li>80% van de Spaanse studenten in de wereld zijn verspreid over de Verenigde Staten, de Europese Unie en Brazili\u00eb. <\/li>\n\n\n\n<li>In Afrika groeit het Spaans aanzienlijk, vooral in de landen waar Frans de offici\u00eble of co-offici\u00eble taal is, zoals Ivoorkust, Benin, Senegal, Kameroen en Gabon. <\/li>\n<\/ul>\n\n\n<style>.wp-block-kadence-advancedheading.kt-adv-heading518_8e870a-6c, .wp-block-kadence-advancedheading.kt-adv-heading518_8e870a-6c[data-kb-block=\"kb-adv-heading518_8e870a-6c\"]{font-style:normal;}.wp-block-kadence-advancedheading.kt-adv-heading518_8e870a-6c mark.kt-highlight, .wp-block-kadence-advancedheading.kt-adv-heading518_8e870a-6c[data-kb-block=\"kb-adv-heading518_8e870a-6c\"] mark.kt-highlight{font-style:normal;color:#f76a0c;-webkit-box-decoration-break:clone;box-decoration-break:clone;padding-top:0px;padding-right:0px;padding-bottom:0px;padding-left:0px;}.wp-block-kadence-advancedheading.kt-adv-heading518_8e870a-6c img.kb-inline-image, .wp-block-kadence-advancedheading.kt-adv-heading518_8e870a-6c[data-kb-block=\"kb-adv-heading518_8e870a-6c\"] img.kb-inline-image{width:150px;vertical-align:baseline;}<\/style>\n<p class=\"kt-adv-heading518_8e870a-6c wp-block-kadence-advancedheading\" data-kb-block=\"kb-adv-heading518_8e870a-6c\">Spaans in wetenschap en cultuur:<\/p>\n\n\n\n<ul class=\"wp-block-list\">\n<li>Na het Engels is het Spaans de tweede taal waarin de meeste wetenschappelijke documenten worden gepubliceerd.<\/li>\n\n\n\n<li>Twee Spaanssprekende landen (Spanje en Argentini\u00eb) behoren tot de top 15 van boekenproducenten ter wereld.<\/li>\n\n\n\n<li>Spanje, Argentini\u00eb en Mexico behoren tot de top 15 van filmproducerende landen ter wereld. <\/li>\n<\/ul>\n\n\n<style>.wp-block-kadence-advancedheading.kt-adv-heading518_b0e697-ca, .wp-block-kadence-advancedheading.kt-adv-heading518_b0e697-ca[data-kb-block=\"kb-adv-heading518_b0e697-ca\"]{font-style:normal;}.wp-block-kadence-advancedheading.kt-adv-heading518_b0e697-ca mark.kt-highlight, .wp-block-kadence-advancedheading.kt-adv-heading518_b0e697-ca[data-kb-block=\"kb-adv-heading518_b0e697-ca\"] mark.kt-highlight{font-style:normal;color:#f76a0c;-webkit-box-decoration-break:clone;box-decoration-break:clone;padding-top:0px;padding-right:0px;padding-bottom:0px;padding-left:0px;}.wp-block-kadence-advancedheading.kt-adv-heading518_b0e697-ca img.kb-inline-image, .wp-block-kadence-advancedheading.kt-adv-heading518_b0e697-ca[data-kb-block=\"kb-adv-heading518_b0e697-ca\"] img.kb-inline-image{width:150px;vertical-align:baseline;}<\/style>\n<p class=\"kt-adv-heading518_b0e697-ca wp-block-kadence-advancedheading\" data-kb-block=\"kb-adv-heading518_b0e697-ca\">Spaans op het internet en op digitale platforms:<\/p>\n\n\n\n<ul class=\"wp-block-list\">\n<li>Het Spaans is de derde meest gebruikte taal op internet, na het Engels en het Chinees. 7,9% van de internetgebruikers communiceert in het Spaans. <\/li>\n\n\n\n<li>Spaans is de derde meest gebruikte taal (na het Engels en het Chinees) op digitale platforms en sociale netwerken zoals YouTube, Facebook, Netflix, LinkedIn, Wikipedia, Instagram, enz. <\/li>\n<\/ul>\n\n\n<style>.wp-block-kadence-advancedheading.kt-adv-heading518_262350-5c, .wp-block-kadence-advancedheading.kt-adv-heading518_262350-5c[data-kb-block=\"kb-adv-heading518_262350-5c\"]{font-style:normal;}.wp-block-kadence-advancedheading.kt-adv-heading518_262350-5c mark.kt-highlight, .wp-block-kadence-advancedheading.kt-adv-heading518_262350-5c[data-kb-block=\"kb-adv-heading518_262350-5c\"] mark.kt-highlight{font-style:normal;color:#f76a0c;-webkit-box-decoration-break:clone;box-decoration-break:clone;padding-top:0px;padding-right:0px;padding-bottom:0px;padding-left:0px;}.wp-block-kadence-advancedheading.kt-adv-heading518_262350-5c img.kb-inline-image, .wp-block-kadence-advancedheading.kt-adv-heading518_262350-5c[data-kb-block=\"kb-adv-heading518_262350-5c\"] img.kb-inline-image{width:150px;vertical-align:baseline;}<\/style>\n<p class=\"kt-adv-heading518_262350-5c wp-block-kadence-advancedheading\" data-kb-block=\"kb-adv-heading518_262350-5c\"><br><br><strong>Hieronder vind je een aantal publicaties waarin nog meer te lezen is over het Spaans.<\/strong> <\/p>\n\n\n<style>.kb-row-layout-id518_adb60a-fa > .kt-row-column-wrap{align-content:center;}:where(.kb-row-layout-id518_adb60a-fa > .kt-row-column-wrap) > .wp-block-kadence-column{justify-content:center;}.kb-row-layout-id518_adb60a-fa > .kt-row-column-wrap{column-gap:var(--global-kb-gap-md, 2rem);row-gap:var(--global-kb-gap-md, 2rem);padding-top:var(--global-kb-spacing-sm, 1.5rem);padding-bottom:var(--global-kb-spacing-sm, 1.5rem);grid-template-columns:repeat(2, minmax(0, 1fr));}.kb-row-layout-id518_adb60a-fa > .kt-row-layout-overlay{opacity:0.30;}@media all and (max-width: 1024px){.kb-row-layout-id518_adb60a-fa > .kt-row-column-wrap{grid-template-columns:repeat(2, minmax(0, 1fr));}}@media all and (max-width: 767px){.kb-row-layout-id518_adb60a-fa > .kt-row-column-wrap{grid-template-columns:minmax(0, 1fr);}}<\/style><div class=\"kb-row-layout-wrap kb-row-layout-id518_adb60a-fa alignnone wp-block-kadence-rowlayout\"><div class=\"kt-row-column-wrap kt-has-2-columns kt-row-layout-equal kt-tab-layout-inherit kt-mobile-layout-row kt-row-valign-middle\">\n<style>.kadence-column518_f64aba-7a > .kt-inside-inner-col,.kadence-column518_f64aba-7a > .kt-inside-inner-col:before{border-top-left-radius:0px;border-top-right-radius:0px;border-bottom-right-radius:0px;border-bottom-left-radius:0px;}.kadence-column518_f64aba-7a > .kt-inside-inner-col{column-gap:var(--global-kb-gap-sm, 1rem);}.kadence-column518_f64aba-7a > .kt-inside-inner-col{flex-direction:column;}.kadence-column518_f64aba-7a > .kt-inside-inner-col > .aligncenter{width:100%;}.kadence-column518_f64aba-7a > .kt-inside-inner-col:before{opacity:0.3;}.kadence-column518_f64aba-7a{position:relative;}@media all and (max-width: 1024px){.kadence-column518_f64aba-7a > .kt-inside-inner-col{flex-direction:column;justify-content:center;}}@media all and (max-width: 767px){.kadence-column518_f64aba-7a > .kt-inside-inner-col{flex-direction:column;justify-content:center;}}<\/style>\n<div class=\"wp-block-kadence-column kadence-column518_f64aba-7a inner-column-1\"><div class=\"kt-inside-inner-col\"><style>.kb-image518_22730c-09 .kb-image-has-overlay:after{opacity:0.3;}<\/style>\n<div class=\"wp-block-kadence-image kb-image518_22730c-09\"><figure class=\"aligncenter\"><img loading=\"lazy\" decoding=\"async\" width=\"337\" height=\"450\" src=\"https:\/\/platformspaans.nl\/wp-content\/uploads\/2023\/11\/El-espanol-en-el-benelux.png\" alt=\"\" class=\"kb-img wp-image-1790\" srcset=\"https:\/\/platformspaans.nl\/wp-content\/uploads\/2023\/11\/El-espanol-en-el-benelux.png 337w, https:\/\/platformspaans.nl\/wp-content\/uploads\/2023\/11\/El-espanol-en-el-benelux-225x300.png 225w\" sizes=\"auto, (max-width: 337px) 100vw, 337px\" \/><\/figure><\/div>\n<\/div><\/div>\n\n\n<style>.kadence-column518_394293-bd > .kt-inside-inner-col,.kadence-column518_394293-bd > .kt-inside-inner-col:before{border-top-left-radius:0px;border-top-right-radius:0px;border-bottom-right-radius:0px;border-bottom-left-radius:0px;}.kadence-column518_394293-bd > .kt-inside-inner-col{column-gap:var(--global-kb-gap-sm, 1rem);}.kadence-column518_394293-bd > .kt-inside-inner-col{flex-direction:column;}.kadence-column518_394293-bd > .kt-inside-inner-col > .aligncenter{width:100%;}.kadence-column518_394293-bd > .kt-inside-inner-col:before{opacity:0.3;}.kadence-column518_394293-bd{position:relative;}@media all and (max-width: 1024px){.kadence-column518_394293-bd > .kt-inside-inner-col{flex-direction:column;justify-content:center;}}@media all and (max-width: 767px){.kadence-column518_394293-bd > .kt-inside-inner-col{flex-direction:column;justify-content:center;}}<\/style>\n<div class=\"wp-block-kadence-column kadence-column518_394293-bd inner-column-2\"><div class=\"kt-inside-inner-col\"><style>.wp-block-kadence-advancedheading.kt-adv-heading518_b45902-2c, .wp-block-kadence-advancedheading.kt-adv-heading518_b45902-2c[data-kb-block=\"kb-adv-heading518_b45902-2c\"]{font-style:normal;}.wp-block-kadence-advancedheading.kt-adv-heading518_b45902-2c mark.kt-highlight, .wp-block-kadence-advancedheading.kt-adv-heading518_b45902-2c[data-kb-block=\"kb-adv-heading518_b45902-2c\"] mark.kt-highlight{font-style:normal;color:#f76a0c;-webkit-box-decoration-break:clone;box-decoration-break:clone;padding-top:0px;padding-right:0px;padding-bottom:0px;padding-left:0px;}.wp-block-kadence-advancedheading.kt-adv-heading518_b45902-2c img.kb-inline-image, .wp-block-kadence-advancedheading.kt-adv-heading518_b45902-2c[data-kb-block=\"kb-adv-heading518_b45902-2c\"] img.kb-inline-image{width:150px;vertical-align:baseline;}<\/style>\n<p class=\"kt-adv-heading518_b45902-2c wp-block-kadence-advancedheading\" data-kb-block=\"kb-adv-heading518_b45902-2c\">In de publicatie <a href=\"https:\/\/sede.educacion.gob.es\/publiventa\/d\/20654\/19\/1\" target=\"_blank\" rel=\"noreferrer noopener\">&#8220;El espa\u00f1ol en el Benelux&#8221;<\/a> heeft het Spaanse Ministerie van Onderwijs de status van het Spaans in het onderwijs in de Benelux in kaart gebracht.<\/p>\n<\/div><\/div>\n\n<\/div><\/div>\n\n<style>.kb-row-layout-id518_fecf4f-42 > .kt-row-column-wrap{align-content:center;}:where(.kb-row-layout-id518_fecf4f-42 > .kt-row-column-wrap) > .wp-block-kadence-column{justify-content:center;}.kb-row-layout-id518_fecf4f-42 > .kt-row-column-wrap{column-gap:var(--global-kb-gap-md, 2rem);row-gap:var(--global-kb-gap-md, 2rem);padding-top:var(--global-kb-spacing-sm, 1.5rem);padding-bottom:var(--global-kb-spacing-sm, 1.5rem);grid-template-columns:repeat(2, minmax(0, 1fr));}.kb-row-layout-id518_fecf4f-42 > .kt-row-layout-overlay{opacity:0.30;}@media all and (max-width: 1024px){.kb-row-layout-id518_fecf4f-42 > .kt-row-column-wrap{grid-template-columns:repeat(2, minmax(0, 1fr));}}@media all and (max-width: 767px){.kb-row-layout-id518_fecf4f-42 > .kt-row-column-wrap{grid-template-columns:minmax(0, 1fr);}}<\/style><div class=\"kb-row-layout-wrap kb-row-layout-id518_fecf4f-42 alignnone wp-block-kadence-rowlayout\"><div class=\"kt-row-column-wrap kt-has-2-columns kt-row-layout-equal kt-tab-layout-inherit kt-mobile-layout-row kt-row-valign-middle\">\n<style>.kadence-column518_ab5c1c-5c > .kt-inside-inner-col,.kadence-column518_ab5c1c-5c > .kt-inside-inner-col:before{border-top-left-radius:0px;border-top-right-radius:0px;border-bottom-right-radius:0px;border-bottom-left-radius:0px;}.kadence-column518_ab5c1c-5c > .kt-inside-inner-col{column-gap:var(--global-kb-gap-sm, 1rem);}.kadence-column518_ab5c1c-5c > .kt-inside-inner-col{flex-direction:column;}.kadence-column518_ab5c1c-5c > .kt-inside-inner-col > .aligncenter{width:100%;}.kadence-column518_ab5c1c-5c > .kt-inside-inner-col:before{opacity:0.3;}.kadence-column518_ab5c1c-5c{position:relative;}@media all and (max-width: 1024px){.kadence-column518_ab5c1c-5c > .kt-inside-inner-col{flex-direction:column;justify-content:center;}}@media all and (max-width: 767px){.kadence-column518_ab5c1c-5c > .kt-inside-inner-col{flex-direction:column;justify-content:center;}}<\/style>\n<div class=\"wp-block-kadence-column kadence-column518_ab5c1c-5c inner-column-1\"><div class=\"kt-inside-inner-col\"><style>.kb-image518_5e5433-31 .kb-image-has-overlay:after{opacity:0.3;}<\/style>\n<div class=\"wp-block-kadence-image kb-image518_5e5433-31\"><figure class=\"aligncenter\"><img loading=\"lazy\" decoding=\"async\" width=\"337\" height=\"450\" src=\"https:\/\/platformspaans.nl\/wp-content\/uploads\/2023\/11\/guia-asesores-PS.png\" alt=\"\" class=\"kb-img wp-image-1788\" srcset=\"https:\/\/platformspaans.nl\/wp-content\/uploads\/2023\/11\/guia-asesores-PS.png 337w, https:\/\/platformspaans.nl\/wp-content\/uploads\/2023\/11\/guia-asesores-PS-225x300.png 225w\" sizes=\"auto, (max-width: 337px) 100vw, 337px\" \/><\/figure><\/div>\n<\/div><\/div>\n\n\n<style>.kadence-column518_d88bbd-d0 > .kt-inside-inner-col,.kadence-column518_d88bbd-d0 > .kt-inside-inner-col:before{border-top-left-radius:0px;border-top-right-radius:0px;border-bottom-right-radius:0px;border-bottom-left-radius:0px;}.kadence-column518_d88bbd-d0 > .kt-inside-inner-col{column-gap:var(--global-kb-gap-sm, 1rem);}.kadence-column518_d88bbd-d0 > .kt-inside-inner-col{flex-direction:column;}.kadence-column518_d88bbd-d0 > .kt-inside-inner-col > .aligncenter{width:100%;}.kadence-column518_d88bbd-d0 > .kt-inside-inner-col:before{opacity:0.3;}.kadence-column518_d88bbd-d0{position:relative;}@media all and (max-width: 1024px){.kadence-column518_d88bbd-d0 > .kt-inside-inner-col{flex-direction:column;justify-content:center;}}@media all and (max-width: 767px){.kadence-column518_d88bbd-d0 > .kt-inside-inner-col{flex-direction:column;justify-content:center;}}<\/style>\n<div class=\"wp-block-kadence-column kadence-column518_d88bbd-d0 inner-column-2\"><div class=\"kt-inside-inner-col\"><style>.wp-block-kadence-advancedheading.kt-adv-heading518_581f4a-29, .wp-block-kadence-advancedheading.kt-adv-heading518_581f4a-29[data-kb-block=\"kb-adv-heading518_581f4a-29\"]{font-style:normal;}.wp-block-kadence-advancedheading.kt-adv-heading518_581f4a-29 mark.kt-highlight, .wp-block-kadence-advancedheading.kt-adv-heading518_581f4a-29[data-kb-block=\"kb-adv-heading518_581f4a-29\"] mark.kt-highlight{font-style:normal;color:#f76a0c;-webkit-box-decoration-break:clone;box-decoration-break:clone;padding-top:0px;padding-right:0px;padding-bottom:0px;padding-left:0px;}.wp-block-kadence-advancedheading.kt-adv-heading518_581f4a-29 img.kb-inline-image, .wp-block-kadence-advancedheading.kt-adv-heading518_581f4a-29[data-kb-block=\"kb-adv-heading518_581f4a-29\"] img.kb-inline-image{width:150px;vertical-align:baseline;}<\/style>\n<p class=\"kt-adv-heading518_581f4a-29 wp-block-kadence-advancedheading\" data-kb-block=\"kb-adv-heading518_581f4a-29\">In de <a href=\"https:\/\/sede.educacion.gob.es\/publiventa\/guia-para-asesores-y-docentes-en-belgica-paises-bajos-y-luxemburgo-2021-2022\/ensenanza-lengua-espanola\/25325\" target=\"_blank\" rel=\"noreferrer noopener\">&#8220;Gu\u00eda para asesores y docentes en B\u00e9lgica, Pa\u00edses Bajos y Luxemburgo&#8221;<\/a> heeft de Spaanse Consejer\u00eda de Educaci\u00f3n allerlei informatie verzameld voor Spaanse docenten die van plan zijn in de Benelux te gaan werken.<\/p>\n<\/div><\/div>\n\n<\/div><\/div>\n\n<style>.kb-row-layout-id518_5bda64-99 > .kt-row-column-wrap{align-content:center;}:where(.kb-row-layout-id518_5bda64-99 > .kt-row-column-wrap) > .wp-block-kadence-column{justify-content:center;}.kb-row-layout-id518_5bda64-99 > .kt-row-column-wrap{column-gap:var(--global-kb-gap-md, 2rem);row-gap:var(--global-kb-gap-md, 2rem);padding-top:var(--global-kb-spacing-sm, 1.5rem);padding-bottom:var(--global-kb-spacing-sm, 1.5rem);grid-template-columns:repeat(2, minmax(0, 1fr));}.kb-row-layout-id518_5bda64-99 > .kt-row-layout-overlay{opacity:0.30;}@media all and (max-width: 1024px){.kb-row-layout-id518_5bda64-99 > .kt-row-column-wrap{grid-template-columns:repeat(2, minmax(0, 1fr));}}@media all and (max-width: 767px){.kb-row-layout-id518_5bda64-99 > .kt-row-column-wrap{grid-template-columns:minmax(0, 1fr);}}<\/style><div class=\"kb-row-layout-wrap kb-row-layout-id518_5bda64-99 alignnone wp-block-kadence-rowlayout\"><div class=\"kt-row-column-wrap kt-has-2-columns kt-row-layout-equal kt-tab-layout-inherit kt-mobile-layout-row kt-row-valign-middle\">\n<style>.kadence-column518_a62cc2-9d > .kt-inside-inner-col,.kadence-column518_a62cc2-9d > .kt-inside-inner-col:before{border-top-left-radius:0px;border-top-right-radius:0px;border-bottom-right-radius:0px;border-bottom-left-radius:0px;}.kadence-column518_a62cc2-9d > .kt-inside-inner-col{column-gap:var(--global-kb-gap-sm, 1rem);}.kadence-column518_a62cc2-9d > .kt-inside-inner-col{flex-direction:column;}.kadence-column518_a62cc2-9d > .kt-inside-inner-col > .aligncenter{width:100%;}.kadence-column518_a62cc2-9d > .kt-inside-inner-col:before{opacity:0.3;}.kadence-column518_a62cc2-9d{position:relative;}@media all and (max-width: 1024px){.kadence-column518_a62cc2-9d > .kt-inside-inner-col{flex-direction:column;justify-content:center;}}@media all and (max-width: 767px){.kadence-column518_a62cc2-9d > .kt-inside-inner-col{flex-direction:column;justify-content:center;}}<\/style>\n<div class=\"wp-block-kadence-column kadence-column518_a62cc2-9d inner-column-1\"><div class=\"kt-inside-inner-col\"><style>.kb-image518_0e06bc-18 .kb-image-has-overlay:after{opacity:0.3;}<\/style>\n<div class=\"wp-block-kadence-image kb-image518_0e06bc-18\"><figure class=\"aligncenter\"><img loading=\"lazy\" decoding=\"async\" width=\"340\" height=\"450\" src=\"https:\/\/platformspaans.nl\/wp-content\/uploads\/2024\/11\/anuario_24_340x450.png\" class=\"kb-img wp-image-2237\" srcset=\"https:\/\/platformspaans.nl\/wp-content\/uploads\/2024\/11\/anuario_24_340x450.png 340w, https:\/\/platformspaans.nl\/wp-content\/uploads\/2024\/11\/anuario_24_340x450-227x300.png 227w\" sizes=\"auto, (max-width: 340px) 100vw, 340px\" \/><\/figure><\/div>\n<\/div><\/div>\n\n\n<style>.kadence-column518_48c2f5-a5 > .kt-inside-inner-col,.kadence-column518_48c2f5-a5 > .kt-inside-inner-col:before{border-top-left-radius:0px;border-top-right-radius:0px;border-bottom-right-radius:0px;border-bottom-left-radius:0px;}.kadence-column518_48c2f5-a5 > .kt-inside-inner-col{column-gap:var(--global-kb-gap-sm, 1rem);}.kadence-column518_48c2f5-a5 > .kt-inside-inner-col{flex-direction:column;}.kadence-column518_48c2f5-a5 > .kt-inside-inner-col > .aligncenter{width:100%;}.kadence-column518_48c2f5-a5 > .kt-inside-inner-col:before{opacity:0.3;}.kadence-column518_48c2f5-a5{position:relative;}@media all and (max-width: 1024px){.kadence-column518_48c2f5-a5 > .kt-inside-inner-col{flex-direction:column;justify-content:center;}}@media all and (max-width: 767px){.kadence-column518_48c2f5-a5 > .kt-inside-inner-col{flex-direction:column;justify-content:center;}}<\/style>\n<div class=\"wp-block-kadence-column kadence-column518_48c2f5-a5 inner-column-2\"><div class=\"kt-inside-inner-col\"><style>.wp-block-kadence-advancedheading.kt-adv-heading518_21c583-4b, .wp-block-kadence-advancedheading.kt-adv-heading518_21c583-4b[data-kb-block=\"kb-adv-heading518_21c583-4b\"]{font-style:normal;}.wp-block-kadence-advancedheading.kt-adv-heading518_21c583-4b mark.kt-highlight, .wp-block-kadence-advancedheading.kt-adv-heading518_21c583-4b[data-kb-block=\"kb-adv-heading518_21c583-4b\"] mark.kt-highlight{font-style:normal;color:#f76a0c;-webkit-box-decoration-break:clone;box-decoration-break:clone;padding-top:0px;padding-right:0px;padding-bottom:0px;padding-left:0px;}.wp-block-kadence-advancedheading.kt-adv-heading518_21c583-4b img.kb-inline-image, .wp-block-kadence-advancedheading.kt-adv-heading518_21c583-4b[data-kb-block=\"kb-adv-heading518_21c583-4b\"] img.kb-inline-image{width:150px;vertical-align:baseline;}<\/style>\n<p class=\"kt-adv-heading518_21c583-4b wp-block-kadence-advancedheading\" data-kb-block=\"kb-adv-heading518_21c583-4b\">Het Instituto Cervantes publiceert jaarlijks een <em>anuario<\/em> over <a href=\"https:\/\/cvc.cervantes.es\/lengua\/anuario\/anuario_24\/\" data-type=\"link\" data-id=\"https:\/\/cvc.cervantes.es\/lengua\/anuario\/anuario_24\/\" target=\"_blank\" rel=\"noreferrer noopener\">&#8220;El espa\u00f1ol en el mundo&#8221;<\/a>. Dit is een verzameling rapporten en teksten over de actuele status van de Spaanse taal.<\/p>\n\n\n\n<p class=\"has-text-align-left\"><a href=\"https:\/\/cvc.cervantes.es\/lengua\/anuario\/anuario_24\/\" data-type=\"link\" data-id=\"https:\/\/cvc.cervantes.es\/lengua\/anuario\/anuario_24\/\" target=\"_blank\" rel=\"noreferrer noopener\">Anuario &#8211; 2024<\/a><br><a href=\"https:\/\/cvc.cervantes.es\/lengua\/anuario\/anuario_23\/el_espanol_en_el_mundo_anuario_instituto_cervantes_2023.pdf\" data-type=\"link\" data-id=\"https:\/\/cvc.cervantes.es\/lengua\/anuario\/anuario_23\/el_espanol_en_el_mundo_anuario_instituto_cervantes_2023.pdf\" target=\"_blank\" rel=\"noreferrer noopener\">Anuario &#8211; 2023<\/a><br><a href=\"https:\/\/cvc.cervantes.es\/lengua\/anuario\/anuario_22\/el_espanol_en_el_mundo_anuario_instituto_cervantes_2022.pdf\" data-type=\"link\" data-id=\"https:\/\/cvc.cervantes.es\/lengua\/anuario\/anuario_22\/el_espanol_en_el_mundo_anuario_instituto_cervantes_2022.pdf\" target=\"_blank\" rel=\"noreferrer noopener\">Anuario &#8211; 2022<\/a><br><a href=\"https:\/\/cvc.cervantes.es\/lengua\/anuario\/anuario_21\/el_espanol_en_el_mundo_anuario_instituto_cervantes_2021.pdf\" data-type=\"link\" data-id=\"https:\/\/cvc.cervantes.es\/lengua\/anuario\/anuario_21\/el_espanol_en_el_mundo_anuario_instituto_cervantes_2021.pdf\" target=\"_blank\" rel=\"noreferrer noopener\">Anuario &#8211; 2021<\/a><\/p>\n<\/div><\/div>\n\n<\/div><\/div>\n\n\n<p><\/p>\n","protected":false},"excerpt":{"rendered":"<p>Op deze pagina vind je een selectie van noemenswaardige feiten en cijfers over de Spaanse taal en de Spaanse en Spaans-Amerikaanse wereld, die gepubliceerd zijn in het jaarverslag \u201cEl espa\u00f1ol en el mundo 2023&#8221; van het Instituto Cervantes. Algemene statistieken: De studie van het Spaans: Spaans in wetenschap en cultuur: Spaans op het internet en [&hellip;]<\/p>\n","protected":false},"author":2,"featured_media":0,"parent":0,"menu_order":0,"comment_status":"closed","ping_status":"closed","template":"templates\/template-full-width.php","meta":{"footnotes":""},"class_list":["post-518","page","type-page","status-publish","hentry"],"jetpack_sharing_enabled":true,"publishpress_future_action":{"enabled":false,"date":"2026-05-07 08:36:52","action":"change-status","newStatus":"draft","terms":[],"taxonomy":"","extraData":[]},"publishpress_future_workflow_manual_trigger":{"enabledWorkflows":[]},"post_mailing_queue_ids":[],"_links":{"self":[{"href":"https:\/\/platformspaans.nl\/index.php?rest_route=\/wp\/v2\/pages\/518","targetHints":{"allow":["GET"]}}],"collection":[{"href":"https:\/\/platformspaans.nl\/index.php?rest_route=\/wp\/v2\/pages"}],"about":[{"href":"https:\/\/platformspaans.nl\/index.php?rest_route=\/wp\/v2\/types\/page"}],"author":[{"embeddable":true,"href":"https:\/\/platformspaans.nl\/index.php?rest_route=\/wp\/v2\/users\/2"}],"replies":[{"embeddable":true,"href":"https:\/\/platformspaans.nl\/index.php?rest_route=%2Fwp%2Fv2%2Fcomments&post=518"}],"version-history":[{"count":23,"href":"https:\/\/platformspaans.nl\/index.php?rest_route=\/wp\/v2\/pages\/518\/revisions"}],"predecessor-version":[{"id":2238,"href":"https:\/\/platformspaans.nl\/index.php?rest_route=\/wp\/v2\/pages\/518\/revisions\/2238"}],"wp:attachment":[{"href":"https:\/\/platformspaans.nl\/index.php?rest_route=%2Fwp%2Fv2%2Fmedia&parent=518"}],"curies":[{"name":"wp","href":"https:\/\/api.w.org\/{rel}","templated":true}]}}