{"id":66,"date":"2021-06-19T10:56:07","date_gmt":"2021-06-19T10:56:07","guid":{"rendered":"https:\/\/platformspaanstest.wordpress.com\/?page_id=66"},"modified":"2025-01-29T10:39:56","modified_gmt":"2025-01-29T10:39:56","slug":"publicaties-onderzoek","status":"publish","type":"page","link":"https:\/\/platformspaans.nl\/?page_id=66","title":{"rendered":"Publicaties"},"content":{"rendered":"\n<p>In verschillende bladen verschijnen er publicaties over onderwerpen die te maken hebben met de Spaanstalige wereld. Onder andere via die weg delen onderzoekers hun kennis met mede-onderzoekers, studenten, en overige ge\u00efnteresseerden in de Spaanstalige wereld.<\/p>\n\n\n\n<div class=\"wp-block-columns is-layout-flex wp-container-core-columns-is-layout-9d6595d7 wp-block-columns-is-layout-flex\">\n<div class=\"wp-block-column is-layout-flow wp-block-column-is-layout-flow\" style=\"flex-basis:100%\">\n<div class=\"wp-block-columns is-layout-flex wp-container-core-columns-is-layout-9d6595d7 wp-block-columns-is-layout-flex\">\n<div class=\"wp-block-column is-layout-flow wp-block-column-is-layout-flow\" style=\"flex-basis:33.33%\"><div class=\"wp-block-image\">\n<figure class=\"alignright size-full is-resized\"><a href=\"https:\/\/www.educacionyfp.gob.es\/paisesbajos\/publicaciones-materiales\/elmundoestudiaespanol.html\" target=\"_blank\" rel=\"noopener\"><img loading=\"lazy\" decoding=\"async\" width=\"287\" height=\"406\" src=\"https:\/\/platformspaans.nl\/wp-content\/uploads\/2022\/05\/El-mundo-estudia-espanol_CDE-1.jpg\" alt=\"\" class=\"wp-image-1229\" style=\"width:150px;height:212px\" srcset=\"https:\/\/platformspaans.nl\/wp-content\/uploads\/2022\/05\/El-mundo-estudia-espanol_CDE-1.jpg 287w, https:\/\/platformspaans.nl\/wp-content\/uploads\/2022\/05\/El-mundo-estudia-espanol_CDE-1-212x300.jpg 212w\" sizes=\"auto, (max-width: 287px) 100vw, 287px\" \/><\/a><\/figure>\n<\/div><\/div>\n\n\n\n<div class=\"wp-block-column is-vertically-aligned-center is-layout-flow wp-block-column-is-layout-flow\" style=\"flex-basis:66.66%\">\n<p>De Consejer\u00eda de Educaci\u00f3n heeft in 2020 een nieuwe editie gepubliceerd van &#8220;De wereld leert Spaans&#8221; (&#8220;El mundo estudia espa\u00f1ol&#8221;). Hierin wordt een overzicht gegeven van de situatie van het Spaanse taalonderwijs  in de landen waar het Ministerie van Onderwijs en Beroepsopleiding (MEFP) aanwezig is. De publicatie is zowel in het <a href=\"https:\/\/www.educacionyfp.gob.es\/paisesbajos\/dam\/jcr:07ae1550-a345-4868-a5df-edec8337d42c\/emee-2020-pbnl.pdf\" target=\"_blank\" rel=\"noreferrer noopener\">Nederlands <\/a>als in het <a href=\"https:\/\/www.educacionyfp.gob.es\/paisesbajos\/dam\/jcr:aedfa16f-d920-4175-8cd1-bf35e77ccba4\/emee-2020-pb-es.pdf\" target=\"_blank\" rel=\"noreferrer noopener\">Spaans<\/a> te lezen. <\/p>\n<\/div>\n<\/div>\n<\/div>\n<\/div>\n\n\n<style>.kb-row-layout-id66_622138-41 > .kt-row-column-wrap{align-content:start;}:where(.kb-row-layout-id66_622138-41 > .kt-row-column-wrap) > .wp-block-kadence-column{justify-content:start;}.kb-row-layout-id66_622138-41 > .kt-row-column-wrap{column-gap:var(--global-kb-gap-md, 2rem);row-gap:var(--global-kb-gap-md, 2rem);padding-top:var(--global-kb-spacing-sm, 1.5rem);padding-bottom:var(--global-kb-spacing-sm, 1.5rem);grid-template-columns:minmax(0, 1fr);}.kb-row-layout-id66_622138-41 > .kt-row-layout-overlay{opacity:0.30;}@media all and (max-width: 1024px){.kb-row-layout-id66_622138-41 > .kt-row-column-wrap{grid-template-columns:minmax(0, 1fr);}}@media all and (max-width: 767px){.kb-row-layout-id66_622138-41 > .kt-row-column-wrap{grid-template-columns:minmax(0, 1fr);}}<\/style><div class=\"kb-row-layout-wrap kb-row-layout-id66_622138-41 alignnone wp-block-kadence-rowlayout\"><div class=\"kt-row-column-wrap kt-has-1-columns kt-row-layout-equal kt-tab-layout-inherit kt-mobile-layout-row kt-row-valign-top\">\n<style>.kadence-column66_b17c8c-66 > .kt-inside-inner-col,.kadence-column66_b17c8c-66 > .kt-inside-inner-col:before{border-top-left-radius:0px;border-top-right-radius:0px;border-bottom-right-radius:0px;border-bottom-left-radius:0px;}.kadence-column66_b17c8c-66 > .kt-inside-inner-col{column-gap:var(--global-kb-gap-sm, 1rem);}.kadence-column66_b17c8c-66 > .kt-inside-inner-col{flex-direction:column;}.kadence-column66_b17c8c-66 > .kt-inside-inner-col > .aligncenter{width:100%;}.kadence-column66_b17c8c-66 > .kt-inside-inner-col:before{opacity:0.3;}.kadence-column66_b17c8c-66{position:relative;}@media all and (max-width: 1024px){.kadence-column66_b17c8c-66 > .kt-inside-inner-col{flex-direction:column;justify-content:center;}}@media all and (max-width: 767px){.kadence-column66_b17c8c-66 > .kt-inside-inner-col{flex-direction:column;justify-content:center;}}<\/style>\n<div class=\"wp-block-kadence-column kadence-column66_b17c8c-66 inner-column-1\"><div class=\"kt-inside-inner-col\"><div  class=\"ultp-post-grid-block wp-block-ultimate-post-post-grid-1 ultp-block-b6514f\"><div class=\"ultp-block-wrapper\"><div class=\"ultp-loading\"><div class=\"ultp-loading-blocks\" style=\"width:100%;height:100%;\"><div style=\"left: 0;top: 0;animation-delay:0s;\"><\/div><div style=\"left: 21px;top: 0;animation-delay:0.125s;\"><\/div><div style=\"left: 42px;top: 0;animation-delay:0.25s;\"><\/div><div style=\"left: 0;top: 21px;animation-delay:0.875s;\"><\/div><div style=\"left: 42px;top: 21px;animation-delay:0.375s;\"><\/div><div style=\"left: 0;top: 42px;animation-delay:0.75s;\"><\/div><div style=\"left: 42px;top: 42px;animation-delay:0.625s;\"><\/div><div style=\"left: 21px;top: 42px;animation-delay:0.5s;\"><\/div><\/div><\/div><div class=\"ultp-heading-filter\"><div class=\"ultp-heading-filter-in\"><div class=\"ultp-heading-wrap ultp-heading-style1 ultp-heading-left\"><h2 class=\"ultp-heading-inner\"><span>Meest recente berichten<\/span><\/h2><\/div><div class=\"ultp-filter-navigation\"><div class=\"ultp-next-prev-wrap\" data-pages=\"1\" data-pagenum=\"1\" data-blockid=\"b6514f\" data-blockname=\"ultimate-post_post-grid-1\" data-expost=\"\" data-postid=\"66\" data-selfpostid=\"yes\"><\/div><\/div><\/div><\/div><div class=\"ultp-block-items-wrap ultp-block-row ultp-pg1a-style1 ultp-grid1-responsive ultp-block-column-4 ultp-sm-column-2 ultp-xs-column-2 ultp-layout1\"><div class=\"ultp-block-item post-id-2746\"><div class=\"ultp-block-content-wrap\"><div class=\"ultp-block-image ultp-block-image-zoomIn\"><a href=\"https:\/\/platformspaans.nl\/?p=2746\" ><img decoding=\"async\"  class=\"ultp-block-image-content\"  alt=\"Presentatie Vereniging van Spaanstalige Schrijvers in Nederland\"  src=\"https:\/\/platformspaans.nl\/wp-content\/uploads\/2026\/04\/IM_108480_Web-300x300.png\" \/><\/a><\/div><div class=\"ultp-block-content\"><div class=\"ultp-category-grid ultp-category-classic ultp-category-aboveTitle\"><div class=\"ultp-category-in\"><a class=\"ultp-cat-evenementen\" href=\"https:\/\/platformspaans.nl\/?cat=14\"  >Evenementen<\/a><a class=\"ultp-cat-geen-categorie\" href=\"https:\/\/platformspaans.nl\/?cat=1\"  >Geen categorie<\/a><a class=\"ultp-cat-publicaties\" href=\"https:\/\/platformspaans.nl\/?cat=11\"  >Publicaties<\/a><a class=\"ultp-cat-universiteit\" href=\"https:\/\/platformspaans.nl\/?cat=10\"  >Universiteit<\/a><\/div><\/div><h3 class=\"ultp-block-title \"><a href=\"https:\/\/platformspaans.nl\/?p=2746\" >Presentatie Vereniging van Spaanstalige Schrijvers in Nederland<\/a><\/h3><div class=\"ultp-block-meta ultp-block-meta-dot ultp-block-meta-icon\"><span class=\"ultp-block-date ultp-block-meta-element\"><svg xmlns=\"http:\/\/www.w3.org\/2000\/svg\" fill=\"none\" viewBox=\"0 0 24 24\">\n  <path stroke=\"currentColor\" stroke-linecap=\"round\" stroke-linejoin=\"round\" stroke-width=\"1.5\" d=\"M3 5.5a2 2 0 0 1 2-2h14a2 2 0 0 1 2 2v14a2 2 0 0 1-2 2H5a2 2 0 0 1-2-2v-14ZM8 2v3m8-3v3M3 9h18\"\/>\n<\/svg>\napr 17, 2026<\/span><\/div><div class=\"ultp-block-excerpt\"><p>De Vereniging van Spaanstalige Schrijvers in Nederland | La Asociaci\u00f3n&hellip;<\/p>\n<\/div><\/div><\/div><\/div><div class=\"ultp-block-item post-id-2610\"><div class=\"ultp-block-content-wrap\"><div class=\"ultp-block-image ultp-block-image-zoomIn\"><a href=\"https:\/\/platformspaans.nl\/?p=2610\" ><img decoding=\"async\"  class=\"ultp-block-image-content\"  alt=\"\u00a1Feliz Navidad y pr\u00f3spero A\u00f1o Nuevo!\"  src=\"https:\/\/platformspaans.nl\/wp-content\/uploads\/2025\/12\/Logo-PS-24-dic-2025-10_43_02-a.m-300x300.png\" \/><\/a><\/div><div class=\"ultp-block-content\"><div class=\"ultp-category-grid ultp-category-classic ultp-category-aboveTitle\"><div class=\"ultp-category-in\"><a class=\"ultp-cat-geen-categorie\" href=\"https:\/\/platformspaans.nl\/?cat=1\"  >Geen categorie<\/a><a class=\"ultp-cat-publicaties\" href=\"https:\/\/platformspaans.nl\/?cat=11\"  >Publicaties<\/a><\/div><\/div><h3 class=\"ultp-block-title \"><a href=\"https:\/\/platformspaans.nl\/?p=2610\" >\u00a1Feliz Navidad y pr\u00f3spero A\u00f1o Nuevo!<\/a><\/h3><div class=\"ultp-block-meta ultp-block-meta-dot ultp-block-meta-icon\"><span class=\"ultp-block-date ultp-block-meta-element\"><svg xmlns=\"http:\/\/www.w3.org\/2000\/svg\" fill=\"none\" viewBox=\"0 0 24 24\">\n  <path stroke=\"currentColor\" stroke-linecap=\"round\" stroke-linejoin=\"round\" stroke-width=\"1.5\" d=\"M3 5.5a2 2 0 0 1 2-2h14a2 2 0 0 1 2 2v14a2 2 0 0 1-2 2H5a2 2 0 0 1-2-2v-14ZM8 2v3m8-3v3M3 9h18\"\/>\n<\/svg>\ndec 24, 2025<\/span><\/div><div class=\"ultp-block-excerpt\"><p>Platform Spaans wenst jullie prettige feestdagen en dankt iedereen voor&hellip;<\/p>\n<\/div><\/div><\/div><\/div><div class=\"ultp-block-item post-id-2599\"><div class=\"ultp-block-content-wrap\"><div class=\"ultp-block-image ultp-block-image-zoomIn\"><a href=\"https:\/\/platformspaans.nl\/?p=2599\" ><img decoding=\"async\"  class=\"ultp-block-image-content\"  alt=\"Winterconcert \u2013 Een muzikale reis door Latijns-Amerika\"  src=\"https:\/\/platformspaans.nl\/wp-content\/uploads\/2025\/12\/Trio-winterconcert_orig-bijgesn_gesch_rood-e1765285193339.jpg\" \/><\/a><\/div><div class=\"ultp-block-content\"><div class=\"ultp-category-grid ultp-category-classic ultp-category-aboveTitle\"><div class=\"ultp-category-in\"><a class=\"ultp-cat-evenementen\" href=\"https:\/\/platformspaans.nl\/?cat=14\"  >Evenementen<\/a><a class=\"ultp-cat-publicaties\" href=\"https:\/\/platformspaans.nl\/?cat=11\"  >Publicaties<\/a><\/div><\/div><h3 class=\"ultp-block-title \"><a href=\"https:\/\/platformspaans.nl\/?p=2599\" >Winterconcert \u2013 Een muzikale reis door Latijns-Amerika<\/a><\/h3><div class=\"ultp-block-meta ultp-block-meta-dot ultp-block-meta-icon\"><span class=\"ultp-block-date ultp-block-meta-element\"><svg xmlns=\"http:\/\/www.w3.org\/2000\/svg\" fill=\"none\" viewBox=\"0 0 24 24\">\n  <path stroke=\"currentColor\" stroke-linecap=\"round\" stroke-linejoin=\"round\" stroke-width=\"1.5\" d=\"M3 5.5a2 2 0 0 1 2-2h14a2 2 0 0 1 2 2v14a2 2 0 0 1-2 2H5a2 2 0 0 1-2-2v-14ZM8 2v3m8-3v3M3 9h18\"\/>\n<\/svg>\ndec 9, 2025<\/span><\/div><div class=\"ultp-block-excerpt\"><p>Op woensdag 10 december 2025 vindt in het gebouw Sint&hellip;<\/p>\n<\/div><\/div><\/div><\/div><div class=\"ultp-block-item post-id-2255\"><div class=\"ultp-block-content-wrap\"><div class=\"ultp-block-image ultp-block-image-zoomIn\"><a href=\"https:\/\/platformspaans.nl\/?p=2255\" ><img decoding=\"async\"  class=\"ultp-block-image-content\"  alt=\"Interview met Julio Llamazares in ESPANJE!\"  src=\"https:\/\/platformspaans.nl\/wp-content\/uploads\/2024\/12\/julio_llamazares_PS-300x300.png\" \/><\/a><\/div><div class=\"ultp-block-content\"><div class=\"ultp-category-grid ultp-category-classic ultp-category-aboveTitle\"><div class=\"ultp-category-in\"><a class=\"ultp-cat-publicaties\" href=\"https:\/\/platformspaans.nl\/?cat=11\"  >Publicaties<\/a><\/div><\/div><h3 class=\"ultp-block-title \"><a href=\"https:\/\/platformspaans.nl\/?p=2255\" >Interview met Julio Llamazares in ESPANJE!<\/a><\/h3><div class=\"ultp-block-meta ultp-block-meta-dot ultp-block-meta-icon\"><span class=\"ultp-block-date ultp-block-meta-element\"><svg xmlns=\"http:\/\/www.w3.org\/2000\/svg\" fill=\"none\" viewBox=\"0 0 24 24\">\n  <path stroke=\"currentColor\" stroke-linecap=\"round\" stroke-linejoin=\"round\" stroke-width=\"1.5\" d=\"M3 5.5a2 2 0 0 1 2-2h14a2 2 0 0 1 2 2v14a2 2 0 0 1-2 2H5a2 2 0 0 1-2-2v-14ZM8 2v3m8-3v3M3 9h18\"\/>\n<\/svg>\ndec 6, 2024<\/span><\/div><div class=\"ultp-block-excerpt\"><p>Naar aanleiding van de publicatie van de Nederlandse vertaling van&hellip;<\/p>\n<\/div><\/div><\/div><\/div><div class=\"ultp-block-item post-id-2239\"><div class=\"ultp-block-content-wrap\"><div class=\"ultp-block-image ultp-block-image-zoomIn\"><a href=\"https:\/\/platformspaans.nl\/?p=2239\" ><img decoding=\"async\"  class=\"ultp-block-image-content\"  alt=\"Jaarverslag Spaans in de wereld\"  src=\"https:\/\/platformspaans.nl\/wp-content\/uploads\/2024\/11\/anuario_ic_2024-300x300.png\" \/><\/a><\/div><div class=\"ultp-block-content\"><div class=\"ultp-category-grid ultp-category-classic ultp-category-aboveTitle\"><div class=\"ultp-category-in\"><a class=\"ultp-cat-publicaties\" href=\"https:\/\/platformspaans.nl\/?cat=11\"  >Publicaties<\/a><\/div><\/div><h3 class=\"ultp-block-title \"><a href=\"https:\/\/platformspaans.nl\/?p=2239\" >Jaarverslag Spaans in de wereld<\/a><\/h3><div class=\"ultp-block-meta ultp-block-meta-dot ultp-block-meta-icon\"><span class=\"ultp-block-date ultp-block-meta-element\"><svg xmlns=\"http:\/\/www.w3.org\/2000\/svg\" fill=\"none\" viewBox=\"0 0 24 24\">\n  <path stroke=\"currentColor\" stroke-linecap=\"round\" stroke-linejoin=\"round\" stroke-width=\"1.5\" d=\"M3 5.5a2 2 0 0 1 2-2h14a2 2 0 0 1 2 2v14a2 2 0 0 1-2 2H5a2 2 0 0 1-2-2v-14ZM8 2v3m8-3v3M3 9h18\"\/>\n<\/svg>\nnov 18, 2024<\/span><\/div><div class=\"ultp-block-excerpt\"><p>Het is weer zover: het Instituto Cervantes heeft net als&hellip;<\/p>\n<\/div><\/div><\/div><\/div><div class=\"ultp-block-item post-id-1746\"><div class=\"ultp-block-content-wrap\"><div class=\"ultp-block-image ultp-block-image-zoomIn\"><a href=\"https:\/\/platformspaans.nl\/?p=1746\" ><img decoding=\"async\"  class=\"ultp-block-image-content\"  alt=\"Wat is FEDELE?\"  src=\"https:\/\/platformspaans.nl\/wp-content\/uploads\/2023\/06\/PS-FEDELE-200x300.png\" \/><\/a><\/div><div class=\"ultp-block-content\"><div class=\"ultp-category-grid ultp-category-classic ultp-category-aboveTitle\"><div class=\"ultp-category-in\"><a class=\"ultp-cat-archief\" href=\"https:\/\/platformspaans.nl\/?cat=16\"  >Archief<\/a><a class=\"ultp-cat-publicaties\" href=\"https:\/\/platformspaans.nl\/?cat=11\"  >Publicaties<\/a><\/div><\/div><h3 class=\"ultp-block-title \"><a href=\"https:\/\/platformspaans.nl\/?p=1746\" >Wat is FEDELE?<\/a><\/h3><div class=\"ultp-block-meta ultp-block-meta-dot ultp-block-meta-icon\"><span class=\"ultp-block-date ultp-block-meta-element\"><svg xmlns=\"http:\/\/www.w3.org\/2000\/svg\" fill=\"none\" viewBox=\"0 0 24 24\">\n  <path stroke=\"currentColor\" stroke-linecap=\"round\" stroke-linejoin=\"round\" stroke-width=\"1.5\" d=\"M3 5.5a2 2 0 0 1 2-2h14a2 2 0 0 1 2 2v14a2 2 0 0 1-2 2H5a2 2 0 0 1-2-2v-14ZM8 2v3m8-3v3M3 9h18\"\/>\n<\/svg>\njun 23, 2023<\/span><\/div><div class=\"ultp-block-excerpt\"><p>Vijfentwintig jaar geleden is FEDELE opgericht in M\u00e1laga door een&hellip;<\/p>\n<\/div><\/div><\/div><\/div><\/div><\/div><div class=\"pagination-block-html\" aria-hidden=\"true\" style=\"display: none;\"><\/div><\/div><\/div><\/div>\n\n<\/div><\/div>","protected":false},"excerpt":{"rendered":"<p>In verschillende bladen verschijnen er publicaties over onderwerpen die te maken hebben met de Spaanstalige wereld. Onder andere via die weg delen onderzoekers hun kennis met mede-onderzoekers, studenten, en overige ge\u00efnteresseerden in de Spaanstalige wereld. De Consejer\u00eda de Educaci\u00f3n heeft in 2020 een nieuwe editie gepubliceerd van &#8220;De wereld leert Spaans&#8221; (&#8220;El mundo estudia espa\u00f1ol&#8221;). [&hellip;]<\/p>\n","protected":false},"author":2,"featured_media":0,"parent":0,"menu_order":0,"comment_status":"closed","ping_status":"closed","template":"templates\/template-full-width.php","meta":{"footnotes":""},"class_list":["post-66","page","type-page","status-publish","hentry"],"jetpack_sharing_enabled":true,"publishpress_future_action":{"enabled":false,"date":"2026-05-05 19:41:23","action":"change-status","newStatus":"draft","terms":[],"taxonomy":"","extraData":[]},"publishpress_future_workflow_manual_trigger":{"enabledWorkflows":[]},"post_mailing_queue_ids":[],"_links":{"self":[{"href":"https:\/\/platformspaans.nl\/index.php?rest_route=\/wp\/v2\/pages\/66","targetHints":{"allow":["GET"]}}],"collection":[{"href":"https:\/\/platformspaans.nl\/index.php?rest_route=\/wp\/v2\/pages"}],"about":[{"href":"https:\/\/platformspaans.nl\/index.php?rest_route=\/wp\/v2\/types\/page"}],"author":[{"embeddable":true,"href":"https:\/\/platformspaans.nl\/index.php?rest_route=\/wp\/v2\/users\/2"}],"replies":[{"embeddable":true,"href":"https:\/\/platformspaans.nl\/index.php?rest_route=%2Fwp%2Fv2%2Fcomments&post=66"}],"version-history":[{"count":15,"href":"https:\/\/platformspaans.nl\/index.php?rest_route=\/wp\/v2\/pages\/66\/revisions"}],"predecessor-version":[{"id":2327,"href":"https:\/\/platformspaans.nl\/index.php?rest_route=\/wp\/v2\/pages\/66\/revisions\/2327"}],"wp:attachment":[{"href":"https:\/\/platformspaans.nl\/index.php?rest_route=%2Fwp%2Fv2%2Fmedia&parent=66"}],"curies":[{"name":"wp","href":"https:\/\/api.w.org\/{rel}","templated":true}]}}